{"id":3444,"date":"2025-04-23T14:03:26","date_gmt":"2025-04-23T14:03:26","guid":{"rendered":"https:\/\/ebanorestaurantes.com\/?page_id=3444"},"modified":"2026-02-26T09:02:55","modified_gmt":"2026-02-26T14:02:55","slug":"entradas","status":"publish","type":"page","link":"https:\/\/ebanorestaurantes.com\/en\/rionegro\/menu\/entradas\/","title":{"rendered":"Entradas | Men\u00fa Rionegro"},"content":{"rendered":"\t\t<div data-elementor-type=\"wp-page\" data-elementor-id=\"3444\" class=\"elementor elementor-3444\" data-elementor-post-type=\"page\">\n\t\t\t\t<div class=\"elementor-element elementor-element-4ab7486 e-flex e-con-boxed e-con e-parent\" data-id=\"4ab7486\" data-element_type=\"container\" data-e-type=\"container\" data-settings=\"{&quot;background_background&quot;:&quot;classic&quot;,&quot;sticky&quot;:&quot;top&quot;,&quot;sticky_on&quot;:[&quot;tablet&quot;,&quot;mobile&quot;],&quot;sticky_offset_mobile&quot;:115,&quot;sticky_offset&quot;:0,&quot;sticky_effects_offset&quot;:0,&quot;sticky_anchor_link_offset&quot;:0}\">\n\t\t\t\t\t<div class=\"e-con-inner\">\n\t\t\t\t<div class=\"elementor-element elementor-element-257e854 elementor-widget elementor-widget-heading\" data-id=\"257e854\" data-element_type=\"widget\" data-e-type=\"widget\" data-widget_type=\"heading.default\">\n\t\t\t\t<div class=\"elementor-widget-container\">\n\t\t\t\t\t<h2 class=\"elementor-heading-title elementor-size-default\">Entradas<\/h2>\t\t\t\t<\/div>\n\t\t\t\t<\/div>\n\t\t\t\t\t<\/div>\n\t\t\t\t<\/div>\n\t\t<div class=\"elementor-element elementor-element-1c79cca e-flex e-con-boxed e-con e-parent\" data-id=\"1c79cca\" data-element_type=\"container\" data-e-type=\"container\" data-settings=\"{&quot;background_background&quot;:&quot;classic&quot;,&quot;animation&quot;:&quot;none&quot;}\">\n\t\t\t\t\t<div class=\"e-con-inner\">\n\t\t\t\t<div class=\"elementor-element elementor-element-5d66417 elementor-widget elementor-widget-kaffen-restaurant-menu-grid\" data-id=\"5d66417\" data-element_type=\"widget\" data-e-type=\"widget\" data-settings=\"{&quot;_animation&quot;:&quot;none&quot;}\" data-widget_type=\"kaffen-restaurant-menu-grid.default\">\n\t\t\t\t<div class=\"elementor-widget-container\">\n\t\t\t\t\t\n\t\t<!-- Section Menu -->\n\t\t<section class=\"section kf-menu-classic kf-parallax\">\n\t\t\t<div class=\"container\">\n\n\t\t\t\t\n\t\t\t\t\n\t\t\t\t\t\t\t\t<div class=\"kf-menu-items\">\n\t\t\t\t\t<div class=\"row\">\n\t\t\t\t\t\t\t\t\t\t\t\t<div class=\"col-xs-12 col-sm-12 col-md-6 col-lg-4 \">\n\t\t\t\t\t\t\t\n\n<!-- menu item -->\n<div class=\"kf-menu-item element-anim-1 scroll-animate\" data-animate=\"active\">\n\t\t<div class=\"image kf-image-hover\">\n\t\t<a href=\"https:\/\/ebanorestaurantes.com\/wp-content\/uploads\/2025\/04\/Carpaccio-de-Res.webp\" data-elementor-open-lightbox=\"yes\" data-elementor-lightbox-title=\"CARPACCIO DE RES\"><img decoding=\"async\" src=\"https:\/\/ebanorestaurantes.com\/wp-content\/uploads\/2025\/04\/Carpaccio-de-Res.webp\" alt=\"CARPACCIO DE RES\" title=\"\"><\/a>\n\t<\/div>\n\t\t<div class=\"desc\">\n\t\t<h5 class=\"name\">CARPACCIO DE RES<\/h5>\n\t\t\t\t<div class=\"subname\">\n\t\t\tFinas lonjas de res encostrada en 7 especias marinadas en aceite de oliva, sal gruesa y lim\u00f3n. Acompa\u00f1ado de alcaparras, vinagre bals\u00e1mico, queso parmesano, brotes del campo y semillas de Mostaza.\t\t<\/div>\n\t\t\t\t\t\t<div class=\"price\">\n\t\t\t$<span>54.000<\/span>\t\t<\/div>\n\t\t\t<\/div>\n<\/div>\n<!-- menu item end -->\n\t\t\t\t\t\t<\/div>\n\t\t\t\t\t\t\t\t\t\t\t\t<div class=\"col-xs-12 col-sm-12 col-md-6 col-lg-4 \">\n\t\t\t\t\t\t\t\n\n<!-- menu item -->\n<div class=\"kf-menu-item element-anim-1 scroll-animate\" data-animate=\"active\">\n\t\t<div class=\"image kf-image-hover\">\n\t\t<a href=\"https:\/\/ebanorestaurantes.com\/wp-content\/uploads\/2025\/04\/Carpaccio-de-Salmon.webp\" data-elementor-open-lightbox=\"yes\" data-elementor-lightbox-title=\"CARPACCIO DE SALM\u00d3N\"><img decoding=\"async\" src=\"https:\/\/ebanorestaurantes.com\/wp-content\/uploads\/2025\/04\/Carpaccio-de-Salmon.webp\" alt=\"CARPACCIO DE SALM\u00d3N\" title=\"\"><\/a>\n\t<\/div>\n\t\t<div class=\"desc\">\n\t\t<h5 class=\"name\">CARPACCIO DE SALM\u00d3N<\/h5>\n\t\t\t\t<div class=\"subname\">\n\t\t\tFinas lonjas de salm\u00f3n marinadas en aceite de oliva, pimienta, sal gruesa y lim\u00f3n. Acompa\u00f1ado de alcaparras fritas, l\u00e1minas de zucchini y brotes del campo.\t\t<\/div>\n\t\t\t\t\t\t<div class=\"price\">\n\t\t\t$<span>51.000<\/span>\t\t<\/div>\n\t\t\t<\/div>\n<\/div>\n<!-- menu item end -->\n\t\t\t\t\t\t<\/div>\n\t\t\t\t\t\t\t\t\t\t\t\t<div class=\"col-xs-12 col-sm-12 col-md-6 col-lg-4 \">\n\t\t\t\t\t\t\t\n\n<!-- menu item -->\n<div class=\"kf-menu-item element-anim-1 scroll-animate\" data-animate=\"active\">\n\t\t<div class=\"image kf-image-hover\">\n\t\t<a href=\"https:\/\/ebanorestaurantes.com\/wp-content\/uploads\/2025\/04\/Ceviche-de-Pulpo.webp\" data-elementor-open-lightbox=\"yes\" data-elementor-lightbox-title=\"CEVICHE DE PULPO\"><img decoding=\"async\" src=\"https:\/\/ebanorestaurantes.com\/wp-content\/uploads\/2025\/04\/Ceviche-de-Pulpo.webp\" alt=\"CEVICHE DE PULPO\" title=\"\"><\/a>\n\t<\/div>\n\t\t<div class=\"desc\">\n\t\t<h5 class=\"name\">CEVICHE DE PULPO<\/h5>\n\t\t\t\t<div class=\"subname\">\n\t\t\tMarinado con lim\u00f3n, cebolla morada, piment\u00f3n, salsa tabasco, mango y cilantro; acompa\u00f1ado con chips de pl\u00e1tano.\t\t<\/div>\n\t\t\t\t\t\t<div class=\"price\">\n\t\t\t$<span>83.000<\/span>\t\t<\/div>\n\t\t\t<\/div>\n<\/div>\n<!-- menu item end -->\n\t\t\t\t\t\t<\/div>\n\t\t\t\t\t\t\t\t\t\t\t\t<div class=\"col-xs-12 col-sm-12 col-md-6 col-lg-4 \">\n\t\t\t\t\t\t\t\n\n<!-- menu item -->\n<div class=\"kf-menu-item element-anim-1 scroll-animate\" data-animate=\"active\">\n\t\t<div class=\"image kf-image-hover\">\n\t\t<a href=\"https:\/\/ebanorestaurantes.com\/wp-content\/uploads\/2025\/04\/CEVICHE-FRUTOS-DEL-MAR.webp\" data-elementor-open-lightbox=\"yes\" data-elementor-lightbox-title=\"CEVICHE FRUTOS DEL MAR\"><img decoding=\"async\" src=\"https:\/\/ebanorestaurantes.com\/wp-content\/uploads\/2025\/04\/CEVICHE-FRUTOS-DEL-MAR.webp\" alt=\"CEVICHE FRUTOS DEL MAR\" title=\"\"><\/a>\n\t<\/div>\n\t\t<div class=\"desc\">\n\t\t<h5 class=\"name\">CEVICHE FRUTOS DEL MAR<\/h5>\n\t\t\t\t<div class=\"subname\">\n\t\t\tMix de mariscos y pescado blanco marinados con lim\u00f3n, ajo, cebolla morada, aj\u00ed dulce, cilantro y cubos de aguacate.\t\t<\/div>\n\t\t\t\t\t\t<div class=\"price\">\n\t\t\t$<span>83.000<\/span>\t\t<\/div>\n\t\t\t<\/div>\n<\/div>\n<!-- menu item end -->\n\t\t\t\t\t\t<\/div>\n\t\t\t\t\t\t\t\t\t\t\t\t<div class=\"col-xs-12 col-sm-12 col-md-6 col-lg-4 \">\n\t\t\t\t\t\t\t\n\n<!-- menu item -->\n<div class=\"kf-menu-item element-anim-1 scroll-animate\" data-animate=\"active\">\n\t\t<div class=\"image kf-image-hover\">\n\t\t<a href=\"https:\/\/ebanorestaurantes.com\/wp-content\/uploads\/2025\/04\/CHICHARRON-ACEVICHADO.webp\" data-elementor-open-lightbox=\"yes\" data-elementor-lightbox-title=\"CHICHARR\u00d3N ACEVICHADO\"><img decoding=\"async\" src=\"https:\/\/ebanorestaurantes.com\/wp-content\/uploads\/2025\/04\/CHICHARRON-ACEVICHADO.webp\" alt=\"CHICHARR\u00d3N ACEVICHADO\" title=\"\"><\/a>\n\t<\/div>\n\t\t<div class=\"desc\">\n\t\t<h5 class=\"name\">CHICHARR\u00d3N ACEVICHADO<\/h5>\n\t\t\t\t<div class=\"subname\">\n\t\t\tChicharr\u00f3n crocante marinado en lim\u00f3n, servido sobre espejo de aj\u00ed casero, acompa\u00f1ado de esferas de aguacate y pico de gallo.\t\t<\/div>\n\t\t\t\t\t\t<div class=\"price\">\n\t\t\t$<span>43.000<\/span>\t\t<\/div>\n\t\t\t<\/div>\n<\/div>\n<!-- menu item end -->\n\t\t\t\t\t\t<\/div>\n\t\t\t\t\t\t\t\t\t\t\t\t<div class=\"col-xs-12 col-sm-12 col-md-6 col-lg-4 \">\n\t\t\t\t\t\t\t\n\n<!-- menu item -->\n<div class=\"kf-menu-item element-anim-1 scroll-animate\" data-animate=\"active\">\n\t\t<div class=\"image kf-image-hover\">\n\t\t<a href=\"https:\/\/ebanorestaurantes.com\/wp-content\/uploads\/2025\/04\/CHICHARRON-CON-AREPA.webp\" data-elementor-open-lightbox=\"yes\" data-elementor-lightbox-title=\"CHICHARR\u00d3N CON AREPA\"><img decoding=\"async\" src=\"https:\/\/ebanorestaurantes.com\/wp-content\/uploads\/2025\/04\/CHICHARRON-CON-AREPA.webp\" alt=\"CHICHARR\u00d3N CON AREPA\" title=\"\"><\/a>\n\t<\/div>\n\t\t<div class=\"desc\">\n\t\t<h5 class=\"name\">CHICHARR\u00d3N CON AREPA<\/h5>\n\t\t\t\t<div class=\"subname\">\n\t\t\tChicharr\u00f3n crocante acompa\u00f1ado con arepa, lim\u00f3n y tomate.\t\t<\/div>\n\t\t\t\t\t\t<div class=\"price\">\n\t\t\t$<span>42.000<\/span>\t\t<\/div>\n\t\t\t<\/div>\n<\/div>\n<!-- menu item end -->\n\t\t\t\t\t\t<\/div>\n\t\t\t\t\t\t\t\t\t\t\t\t<div class=\"col-xs-12 col-sm-12 col-md-6 col-lg-4 \">\n\t\t\t\t\t\t\t\n\n<!-- menu item -->\n<div class=\"kf-menu-item element-anim-1 scroll-animate\" data-animate=\"active\">\n\t\t<div class=\"image kf-image-hover\">\n\t\t<a href=\"https:\/\/ebanorestaurantes.com\/wp-content\/uploads\/2025\/04\/CHORIZO-ARTESANAL.webp\" data-elementor-open-lightbox=\"yes\" data-elementor-lightbox-title=\"CHORIZO ARTESANAL\"><img decoding=\"async\" src=\"https:\/\/ebanorestaurantes.com\/wp-content\/uploads\/2025\/04\/CHORIZO-ARTESANAL.webp\" alt=\"CHORIZO ARTESANAL\" title=\"\"><\/a>\n\t<\/div>\n\t\t<div class=\"desc\">\n\t\t<h5 class=\"name\">CHORIZO ARTESANAL<\/h5>\n\t\t\t\t<div class=\"subname\">\n\t\t\t2 unidades de chorizo artesanal. Acompa\u00f1ado de arepa, lim\u00f3n y tomate.\t\t<\/div>\n\t\t\t\t\t\t<div class=\"price\">\n\t\t\t$<span>37.000<\/span>\t\t<\/div>\n\t\t\t<\/div>\n<\/div>\n<!-- menu item end -->\n\t\t\t\t\t\t<\/div>\n\t\t\t\t\t\t\t\t\t\t\t\t<div class=\"col-xs-12 col-sm-12 col-md-6 col-lg-4 \">\n\t\t\t\t\t\t\t\n\n<!-- menu item -->\n<div class=\"kf-menu-item element-anim-1 scroll-animate\" data-animate=\"active\">\n\t\t<div class=\"image kf-image-hover\">\n\t\t<a href=\"https:\/\/ebanorestaurantes.com\/wp-content\/uploads\/2025\/04\/Lulada-de-mariscos.webp\" data-elementor-open-lightbox=\"yes\" data-elementor-lightbox-title=\"LULADA DE MARISCOS\"><img decoding=\"async\" src=\"https:\/\/ebanorestaurantes.com\/wp-content\/uploads\/2025\/04\/Lulada-de-mariscos.webp\" alt=\"LULADA DE MARISCOS\" title=\"\"><\/a>\n\t<\/div>\n\t\t<div class=\"desc\">\n\t\t<h5 class=\"name\">LULADA DE MARISCOS<\/h5>\n\t\t\t\t<div class=\"subname\">\n\t\t\tMix de mariscos aderezados con leche de tigre, cubos de lulo y chips de arracacha.\t\t<\/div>\n\t\t\t\t\t\t<div class=\"price\">\n\t\t\t$<span>83.000<\/span>\t\t<\/div>\n\t\t\t<\/div>\n<\/div>\n<!-- menu item end -->\n\t\t\t\t\t\t<\/div>\n\t\t\t\t\t\t\t\t\t\t\t<\/div>\n\t\t\t\t<\/div>\n\n\t\t\t\t\n\t\t\t\t\t\t\t\t\n\t\t\t<\/div>\n\t\t<\/section>\n\n\t\t\t\t\t\t<\/div>\n\t\t\t\t<\/div>\n\t\t\t\t\t<\/div>\n\t\t\t\t<\/div>\n\t\t<div class=\"elementor-element elementor-element-3b2d3f3 e-flex e-con-boxed e-con e-parent\" data-id=\"3b2d3f3\" data-element_type=\"container\" data-e-type=\"container\">\n\t\t\t\t\t<div class=\"e-con-inner\">\n\t\t\t\t<div class=\"elementor-element elementor-element-c52426b elementor-widget elementor-widget-heading\" data-id=\"c52426b\" data-element_type=\"widget\" data-e-type=\"widget\" data-widget_type=\"heading.default\">\n\t\t\t\t<div class=\"elementor-widget-container\">\n\t\t\t\t\t<p class=\"elementor-heading-title elementor-size-default\">Todos nuestros precios est\u00e1n en Pesos Colombianos (COP).<\/p>\t\t\t\t<\/div>\n\t\t\t\t<\/div>\n\t\t\t\t\t<\/div>\n\t\t\t\t<\/div>\n\t\t\t\t<\/div>\n\t\t","protected":false},"excerpt":{"rendered":"<p>Entradas CARPACCIO DE RES Finas lonjas de res encostrada en 7 especias marinadas en aceite de oliva, sal gruesa y lim\u00f3n. Acompa\u00f1ado de alcaparras, vinagre bals\u00e1mico, queso parmesano, brotes del campo y semillas de Mostaza. $54.000 CARPACCIO DE SALM\u00d3N Finas lonjas de salm\u00f3n marinadas&#8230; <\/p>\n<div class=\"readmore\"><a href=\"https:\/\/ebanorestaurantes.com\/en\/restaurant\/item\/lulada-de-mariscos\/\" class=\"kf-btn-link\"><span>Read more<\/span> <i class=\"fas fa-chevron-right\"><\/i><\/a><\/div>","protected":false},"author":3,"featured_media":0,"parent":2491,"menu_order":0,"comment_status":"closed","ping_status":"closed","template":"template-layout-builder.php","meta":{"_acf_changed":false,"footnotes":""},"class_list":["post-3444","page","type-page","status-publish","hentry"],"acf":[],"_links":{"self":[{"href":"https:\/\/ebanorestaurantes.com\/en\/wp-json\/wp\/v2\/pages\/3444","targetHints":{"allow":["GET"]}}],"collection":[{"href":"https:\/\/ebanorestaurantes.com\/en\/wp-json\/wp\/v2\/pages"}],"about":[{"href":"https:\/\/ebanorestaurantes.com\/en\/wp-json\/wp\/v2\/types\/page"}],"author":[{"embeddable":true,"href":"https:\/\/ebanorestaurantes.com\/en\/wp-json\/wp\/v2\/users\/3"}],"replies":[{"embeddable":true,"href":"https:\/\/ebanorestaurantes.com\/en\/wp-json\/wp\/v2\/comments?post=3444"}],"version-history":[{"count":23,"href":"https:\/\/ebanorestaurantes.com\/en\/wp-json\/wp\/v2\/pages\/3444\/revisions"}],"predecessor-version":[{"id":5236,"href":"https:\/\/ebanorestaurantes.com\/en\/wp-json\/wp\/v2\/pages\/3444\/revisions\/5236"}],"up":[{"embeddable":true,"href":"https:\/\/ebanorestaurantes.com\/en\/wp-json\/wp\/v2\/pages\/2491"}],"wp:attachment":[{"href":"https:\/\/ebanorestaurantes.com\/en\/wp-json\/wp\/v2\/media?parent=3444"}],"curies":[{"name":"wp","href":"https:\/\/api.w.org\/{rel}","templated":true}]}}