{"id":3460,"date":"2025-04-23T15:04:23","date_gmt":"2025-04-23T15:04:23","guid":{"rendered":"https:\/\/ebanorestaurantes.com\/?page_id=3460"},"modified":"2026-02-26T09:04:36","modified_gmt":"2026-02-26T14:04:36","slug":"ensaladas","status":"publish","type":"page","link":"https:\/\/ebanorestaurantes.com\/en\/rionegro\/menu\/ensaladas\/","title":{"rendered":"Ensaladas | Men\u00fa Rionegro"},"content":{"rendered":"\t\t<div data-elementor-type=\"wp-page\" data-elementor-id=\"3460\" class=\"elementor elementor-3460\" data-elementor-post-type=\"page\">\n\t\t\t\t<div class=\"elementor-element elementor-element-0ee0f12 e-flex e-con-boxed e-con e-parent\" data-id=\"0ee0f12\" data-element_type=\"container\" data-e-type=\"container\" data-settings=\"{&quot;background_background&quot;:&quot;classic&quot;,&quot;sticky&quot;:&quot;top&quot;,&quot;sticky_on&quot;:[&quot;tablet&quot;,&quot;mobile&quot;],&quot;sticky_offset_mobile&quot;:115,&quot;animation&quot;:&quot;none&quot;,&quot;sticky_offset&quot;:0,&quot;sticky_effects_offset&quot;:0,&quot;sticky_anchor_link_offset&quot;:0}\">\n\t\t\t\t\t<div class=\"e-con-inner\">\n\t\t\t\t<div class=\"elementor-element elementor-element-80f17fe elementor-widget elementor-widget-heading\" data-id=\"80f17fe\" data-element_type=\"widget\" data-e-type=\"widget\" data-widget_type=\"heading.default\">\n\t\t\t\t<div class=\"elementor-widget-container\">\n\t\t\t\t\t<h2 class=\"elementor-heading-title elementor-size-default\">Ensaladas<\/h2>\t\t\t\t<\/div>\n\t\t\t\t<\/div>\n\t\t\t\t\t<\/div>\n\t\t\t\t<\/div>\n\t\t<div class=\"elementor-element elementor-element-65e51c4 e-flex e-con-boxed e-con e-parent\" data-id=\"65e51c4\" data-element_type=\"container\" data-e-type=\"container\" data-settings=\"{&quot;background_background&quot;:&quot;classic&quot;}\">\n\t\t\t\t\t<div class=\"e-con-inner\">\n\t\t\t\t<div class=\"elementor-element elementor-element-f123cb8 elementor-widget elementor-widget-kaffen-restaurant-menu-grid\" data-id=\"f123cb8\" data-element_type=\"widget\" data-e-type=\"widget\" data-widget_type=\"kaffen-restaurant-menu-grid.default\">\n\t\t\t\t<div class=\"elementor-widget-container\">\n\t\t\t\t\t\n\t\t<!-- Section Menu -->\n\t\t<section class=\"section kf-menu-classic kf-parallax\">\n\t\t\t<div class=\"container\">\n\n\t\t\t\t\n\t\t\t\t\n\t\t\t\t\t\t\t\t<div class=\"kf-menu-items\">\n\t\t\t\t\t<div class=\"row\">\n\t\t\t\t\t\t\t\t\t\t\t\t<div class=\"col-xs-12 col-sm-12 col-md-6 col-lg-4 \">\n\t\t\t\t\t\t\t\n\n<!-- menu item -->\n<div class=\"kf-menu-item element-anim-1 scroll-animate\" data-animate=\"active\">\n\t\t<div class=\"image kf-image-hover\">\n\t\t<a href=\"https:\/\/ebanorestaurantes.com\/wp-content\/uploads\/2025\/04\/Ensalada-cesar.webp\" data-elementor-open-lightbox=\"yes\" data-elementor-lightbox-title=\"C\u00c9SAR CON POLLO\"><img decoding=\"async\" src=\"https:\/\/ebanorestaurantes.com\/wp-content\/uploads\/2025\/04\/Ensalada-cesar.webp\" alt=\"C\u00c9SAR CON POLLO\" title=\"\"><\/a>\n\t<\/div>\n\t\t<div class=\"desc\">\n\t\t<h5 class=\"name\">C\u00c9SAR CON POLLO<\/h5>\n\t\t\t\t<div class=\"subname\">\n\t\t\tLechuga romana, lascas de parmesano, crutones, tocineta y pechuga de pollo al grill.\t\t<\/div>\n\t\t\t\t\t\t<div class=\"price\">\n\t\t\t$<span>48.000<\/span>\t\t<\/div>\n\t\t\t<\/div>\n<\/div>\n<!-- menu item end -->\n\t\t\t\t\t\t<\/div>\n\t\t\t\t\t\t\t\t\t\t\t\t<div class=\"col-xs-12 col-sm-12 col-md-6 col-lg-4 \">\n\t\t\t\t\t\t\t\n\n<!-- menu item -->\n<div class=\"kf-menu-item element-anim-1 scroll-animate\" data-animate=\"active\">\n\t\t<div class=\"image kf-image-hover\">\n\t\t<a href=\"https:\/\/ebanorestaurantes.com\/wp-content\/uploads\/2025\/04\/Ensalada-de-CHAMPINON-Y-PORTOBELLO.webp\" data-elementor-open-lightbox=\"yes\" data-elementor-lightbox-title=\"CHAMPI\u00d1\u00d3N Y PORTOBELLO\"><img decoding=\"async\" src=\"https:\/\/ebanorestaurantes.com\/wp-content\/uploads\/2025\/04\/Ensalada-de-CHAMPINON-Y-PORTOBELLO.webp\" alt=\"CHAMPI\u00d1\u00d3N Y PORTOBELLO\" title=\"\"><\/a>\n\t<\/div>\n\t\t<div class=\"desc\">\n\t\t<h5 class=\"name\">CHAMPI\u00d1\u00d3N Y PORTOBELLO<\/h5>\n\t\t\t\t<div class=\"subname\">\n\t\t\tHongos encurtidos en jugo de naranja y tomillo, mix org\u00e1nico de lechugas, tomate Cherry confitados, nueces, aderezada con una reducci\u00f3n de vinagre bals\u00e1mico y galleta crocante de parmessano.\t\t<\/div>\n\t\t\t\t\t\t<div class=\"price\">\n\t\t\t$<span>49.000<\/span>\t\t<\/div>\n\t\t\t<\/div>\n<\/div>\n<!-- menu item end -->\n\t\t\t\t\t\t<\/div>\n\t\t\t\t\t\t\t\t\t\t\t\t<div class=\"col-xs-12 col-sm-12 col-md-6 col-lg-4 \">\n\t\t\t\t\t\t\t\n\n<!-- menu item -->\n<div class=\"kf-menu-item element-anim-1 scroll-animate\" data-animate=\"active\">\n\t\t<div class=\"image kf-image-hover\">\n\t\t<a href=\"https:\/\/ebanorestaurantes.com\/wp-content\/uploads\/2025\/04\/Ensalada-de-pera-y-queso-azul.webp\" data-elementor-open-lightbox=\"yes\" data-elementor-lightbox-title=\"ENSALADA DE PERAS Y QUESO AZUL\"><img decoding=\"async\" src=\"https:\/\/ebanorestaurantes.com\/wp-content\/uploads\/2025\/04\/Ensalada-de-pera-y-queso-azul.webp\" alt=\"ENSALADA DE PERAS Y QUESO AZUL\" title=\"\"><\/a>\n\t<\/div>\n\t\t<div class=\"desc\">\n\t\t<h5 class=\"name\">ENSALADA DE PERAS Y QUESO AZUL<\/h5>\n\t\t\t\t<div class=\"subname\">\n\t\t\tVariedad de lechugas peras caramelizadas, Trufas de queso azul, nuez pecan, tomates confitados, ba\u00f1ada en reducci\u00f3n de jerez.\t\t<\/div>\n\t\t\t\t\t\t<div class=\"price\">\n\t\t\t$<span>48.000<\/span>\t\t<\/div>\n\t\t\t<\/div>\n<\/div>\n<!-- menu item end -->\n\t\t\t\t\t\t<\/div>\n\t\t\t\t\t\t\t\t\t\t\t\t<div class=\"col-xs-12 col-sm-12 col-md-6 col-lg-4 \">\n\t\t\t\t\t\t\t\n\n<!-- menu item -->\n<div class=\"kf-menu-item element-anim-1 scroll-animate\" data-animate=\"active\">\n\t\t<div class=\"image kf-image-hover\">\n\t\t<a href=\"https:\/\/ebanorestaurantes.com\/wp-content\/uploads\/2025\/04\/Ensalada-salmon-y-bufala.webp\" data-elementor-open-lightbox=\"yes\" data-elementor-lightbox-title=\"ENSALADA DE SALM\u00d3N Y B\u00daFALA\"><img decoding=\"async\" src=\"https:\/\/ebanorestaurantes.com\/wp-content\/uploads\/2025\/04\/Ensalada-salmon-y-bufala.webp\" alt=\"ENSALADA DE SALM\u00d3N Y B\u00daFALA\" title=\"\"><\/a>\n\t<\/div>\n\t\t<div class=\"desc\">\n\t\t<h5 class=\"name\">ENSALADA DE SALM\u00d3N Y B\u00daFALA<\/h5>\n\t\t\t\t<div class=\"subname\">\n\t\t\tServida con salm\u00f3n ahumada, queso de b\u00fafala, almendras tostadas, aguacate, tomate Cherry confitado, vegetales, vinagreta de yogur y hierbabuena.\t\t<\/div>\n\t\t\t\t\t\t<div class=\"price\">\n\t\t\t$<span>67.000<\/span>\t\t<\/div>\n\t\t\t<\/div>\n<\/div>\n<!-- menu item end -->\n\t\t\t\t\t\t<\/div>\n\t\t\t\t\t\t\t\t\t\t\t<\/div>\n\t\t\t\t<\/div>\n\n\t\t\t\t\n\t\t\t\t\t\t\t\t\n\t\t\t<\/div>\n\t\t<\/section>\n\n\t\t\t\t\t\t<\/div>\n\t\t\t\t<\/div>\n\t\t\t\t\t<\/div>\n\t\t\t\t<\/div>\n\t\t<div class=\"elementor-element elementor-element-0571d70 e-flex e-con-boxed e-con e-parent\" data-id=\"0571d70\" data-element_type=\"container\" data-e-type=\"container\">\n\t\t\t\t\t<div class=\"e-con-inner\">\n\t\t\t\t<div class=\"elementor-element elementor-element-bc745c6 elementor-widget elementor-widget-heading\" data-id=\"bc745c6\" data-element_type=\"widget\" data-e-type=\"widget\" data-widget_type=\"heading.default\">\n\t\t\t\t<div class=\"elementor-widget-container\">\n\t\t\t\t\t<p class=\"elementor-heading-title elementor-size-default\">Todos nuestros precios est\u00e1n en Pesos Colombianos (COP).<\/p>\t\t\t\t<\/div>\n\t\t\t\t<\/div>\n\t\t\t\t\t<\/div>\n\t\t\t\t<\/div>\n\t\t\t\t<\/div>\n\t\t","protected":false},"excerpt":{"rendered":"<p>Ensaladas C\u00c9SAR CON POLLO Lechuga romana, lascas de parmesano, crutones, tocineta y pechuga de pollo al grill. $48.000 CHAMPI\u00d1\u00d3N Y PORTOBELLO Hongos encurtidos en jugo de naranja y tomillo, mix org\u00e1nico de lechugas, tomate Cherry confitados, nueces, aderezada con una reducci\u00f3n de vinagre bals\u00e1mico&#8230; <\/p>\n<div class=\"readmore\"><a href=\"https:\/\/ebanorestaurantes.com\/en\/restaurant\/item\/ensalada-de-salmon-y-bufala\/\" class=\"kf-btn-link\"><span>Read more<\/span> <i class=\"fas fa-chevron-right\"><\/i><\/a><\/div>","protected":false},"author":3,"featured_media":0,"parent":2491,"menu_order":0,"comment_status":"closed","ping_status":"closed","template":"template-layout-builder.php","meta":{"_acf_changed":false,"footnotes":""},"class_list":["post-3460","page","type-page","status-publish","hentry"],"acf":[],"_links":{"self":[{"href":"https:\/\/ebanorestaurantes.com\/en\/wp-json\/wp\/v2\/pages\/3460","targetHints":{"allow":["GET"]}}],"collection":[{"href":"https:\/\/ebanorestaurantes.com\/en\/wp-json\/wp\/v2\/pages"}],"about":[{"href":"https:\/\/ebanorestaurantes.com\/en\/wp-json\/wp\/v2\/types\/page"}],"author":[{"embeddable":true,"href":"https:\/\/ebanorestaurantes.com\/en\/wp-json\/wp\/v2\/users\/3"}],"replies":[{"embeddable":true,"href":"https:\/\/ebanorestaurantes.com\/en\/wp-json\/wp\/v2\/comments?post=3460"}],"version-history":[{"count":16,"href":"https:\/\/ebanorestaurantes.com\/en\/wp-json\/wp\/v2\/pages\/3460\/revisions"}],"predecessor-version":[{"id":5245,"href":"https:\/\/ebanorestaurantes.com\/en\/wp-json\/wp\/v2\/pages\/3460\/revisions\/5245"}],"up":[{"embeddable":true,"href":"https:\/\/ebanorestaurantes.com\/en\/wp-json\/wp\/v2\/pages\/2491"}],"wp:attachment":[{"href":"https:\/\/ebanorestaurantes.com\/en\/wp-json\/wp\/v2\/media?parent=3460"}],"curies":[{"name":"wp","href":"https:\/\/api.w.org\/{rel}","templated":true}]}}